{"id":558,"date":"2021-04-21T15:59:15","date_gmt":"2021-04-21T20:59:15","guid":{"rendered":"http:\/\/web.undar.edu.pe\/?page_id=558"},"modified":"2025-03-25T14:05:01","modified_gmt":"2025-03-25T19:05:01","slug":"facultad-de-educacion-musical-y-artes","status":"publish","type":"page","link":"http:\/\/www.undar.edu.pe\/index.php\/facultad-de-educacion-musical-y-artes\/","title":{"rendered":"FACULTAD DE EDUCACI\u00d3N MUSICAL Y ARTES"},"content":{"rendered":"\t\t<div data-elementor-type=\"wp-page\" data-elementor-id=\"558\" class=\"elementor elementor-558\" data-elementor-post-type=\"page\">\n\t\t\t\t\t\t<section class=\"elementor-section elementor-top-section elementor-element elementor-element-4421331d elementor-section-full_width elementor-section-content-space-between elementor-section-height-default elementor-section-height-default\" data-id=\"4421331d\" data-element_type=\"section\">\n\t\t\t\t\t\t<div class=\"elementor-container elementor-column-gap-no\">\n\t\t\t\t\t<div class=\"elementor-column elementor-col-100 elementor-top-column elementor-element elementor-element-4994de3c\" data-id=\"4994de3c\" data-element_type=\"column\">\n\t\t\t<div class=\"elementor-widget-wrap elementor-element-populated\">\n\t\t\t\t\t\t<div class=\"elementor-element elementor-element-6292a4f5 elementor-widget__width-inherit elementor--h-position-center elementor--v-position-middle elementor-arrows-position-inside elementor-widget elementor-widget-slides\" data-id=\"6292a4f5\" data-element_type=\"widget\" data-settings=\"{&quot;navigation&quot;:&quot;arrows&quot;,&quot;autoplay&quot;:&quot;yes&quot;,&quot;pause_on_hover&quot;:&quot;yes&quot;,&quot;pause_on_interaction&quot;:&quot;yes&quot;,&quot;autoplay_speed&quot;:5000,&quot;infinite&quot;:&quot;yes&quot;,&quot;transition&quot;:&quot;slide&quot;,&quot;transition_speed&quot;:500}\" data-widget_type=\"slides.default\">\n\t\t\t\t<div class=\"elementor-widget-container\">\n\t\t\t\t\t<div class=\"elementor-swiper\">\n\t\t\t<div class=\"elementor-slides-wrapper elementor-main-swiper swiper\" dir=\"ltr\" data-animation=\"fadeInUp\">\n\t\t\t\t<div class=\"swiper-wrapper elementor-slides\">\n\t\t\t\t\t\t\t\t\t\t<div class=\"elementor-repeater-item-378399b swiper-slide\"><div class=\"swiper-slide-bg\" role=\"img\"><\/div><div class=\"elementor-background-overlay\"><\/div><div class=\"swiper-slide-inner\" ><div class=\"swiper-slide-contents\"><div class=\"elementor-slide-heading\">FACULTAD DE EDUCACI\u00d3N MUSICAL Y ARTES<\/div><\/div><\/div><\/div><div class=\"elementor-repeater-item-dc7db8d swiper-slide\"><div class=\"swiper-slide-bg\" role=\"img\"><\/div><div class=\"elementor-background-overlay\"><\/div><div class=\"swiper-slide-inner\" ><div class=\"swiper-slide-contents\"><div class=\"elementor-slide-heading\">FACULTAD DE EDUCACI\u00d3N MUSICAL Y ARTES<\/div><\/div><\/div><\/div><div class=\"elementor-repeater-item-f8fa8b0 swiper-slide\"><div class=\"swiper-slide-bg\" role=\"img\"><\/div><div class=\"elementor-background-overlay\"><\/div><div class=\"swiper-slide-inner\" ><div class=\"swiper-slide-contents\"><div class=\"elementor-slide-heading\">FACULTAD DE EDUCACI\u00d3N MUSICAL Y ARTES<\/div><\/div><\/div><\/div><div class=\"elementor-repeater-item-31e30a3 swiper-slide\"><div class=\"swiper-slide-bg\" role=\"img\"><\/div><div class=\"elementor-background-overlay\"><\/div><div class=\"swiper-slide-inner\" ><div class=\"swiper-slide-contents\"><div class=\"elementor-slide-heading\">FACULTAD DE EDUCACI\u00d3N MUSICAL Y ARTES<\/div><\/div><\/div><\/div><div class=\"elementor-repeater-item-4d3ab49 swiper-slide\"><div class=\"swiper-slide-bg\" role=\"img\"><\/div><div class=\"elementor-background-overlay\"><\/div><div class=\"swiper-slide-inner\" ><div class=\"swiper-slide-contents\"><div class=\"elementor-slide-heading\">FACULTAD DE EDUCACI\u00d3N MUSICAL Y ARTES<\/div><\/div><\/div><\/div>\t\t\t\t<\/div>\n\t\t\t\t\t\t\t\t\t\t\t\t\t\t\t\t\t\t\t\t<div class=\"elementor-swiper-button elementor-swiper-button-prev\" role=\"button\" tabindex=\"0\">\n\t\t\t\t\t\t\t<i aria-hidden=\"true\" class=\"eicon-chevron-left\"><\/i>\t\t\t\t\t\t\t<span class=\"elementor-screen-only\">Diapositiva anterior<\/span>\n\t\t\t\t\t\t<\/div>\n\t\t\t\t\t\t<div class=\"elementor-swiper-button elementor-swiper-button-next\" role=\"button\" tabindex=\"0\">\n\t\t\t\t\t\t\t<i aria-hidden=\"true\" class=\"eicon-chevron-right\"><\/i>\t\t\t\t\t\t\t<span class=\"elementor-screen-only\">Diapositiva siguiente<\/span>\n\t\t\t\t\t\t<\/div>\n\t\t\t\t\t\t\t\t\t\t\t\t<\/div>\n\t\t<\/div>\n\t\t\t\t<\/div>\n\t\t\t\t<\/div>\n\t\t\t\t\t<\/div>\n\t\t<\/div>\n\t\t\t\t\t<\/div>\n\t\t<\/section>\n\t\t\t\t<section class=\"elementor-section elementor-top-section elementor-element elementor-element-d8f673f elementor-section-boxed elementor-section-height-default elementor-section-height-default\" data-id=\"d8f673f\" data-element_type=\"section\">\n\t\t\t\t\t\t<div class=\"elementor-container elementor-column-gap-default\">\n\t\t\t\t\t<div class=\"elementor-column elementor-col-100 elementor-top-column elementor-element elementor-element-60ef557\" data-id=\"60ef557\" data-element_type=\"column\">\n\t\t\t<div class=\"elementor-widget-wrap elementor-element-populated\">\n\t\t\t\t\t\t<div class=\"elementor-element elementor-element-7e398d8 elementor-widget elementor-widget-heading\" data-id=\"7e398d8\" data-element_type=\"widget\" data-widget_type=\"heading.default\">\n\t\t\t\t<div class=\"elementor-widget-container\">\n\t\t\t<h6 class=\"elementor-heading-title elementor-size-small\"><b>Universidad Nacional Daniel Alom\u00eda Robles<\/b> - Facultad de Educaci\u00f3n Musical y Artes<\/h6>\t\t<\/div>\n\t\t\t\t<\/div>\n\t\t\t\t\t<\/div>\n\t\t<\/div>\n\t\t\t\t\t<\/div>\n\t\t<\/section>\n\t\t\t\t<section class=\"elementor-section elementor-top-section elementor-element elementor-element-173f316 elementor-section-boxed elementor-section-height-default elementor-section-height-default\" data-id=\"173f316\" data-element_type=\"section\">\n\t\t\t\t\t\t<div class=\"elementor-container elementor-column-gap-default\">\n\t\t\t\t\t<div class=\"elementor-column elementor-col-100 elementor-top-column elementor-element elementor-element-48226bc\" data-id=\"48226bc\" data-element_type=\"column\">\n\t\t\t<div class=\"elementor-widget-wrap elementor-element-populated\">\n\t\t\t\t\t\t<div class=\"elementor-element elementor-element-4504dc3 elementor-widget elementor-widget-heading\" data-id=\"4504dc3\" data-element_type=\"widget\" data-widget_type=\"heading.default\">\n\t\t\t\t<div class=\"elementor-widget-container\">\n\t\t\t<h4 class=\"elementor-heading-title elementor-size-default\">FACULTAD DE EDUCACI\u00d3N MUSICAL Y ARTES<\/h4>\t\t<\/div>\n\t\t\t\t<\/div>\n\t\t\t\t<div class=\"elementor-element elementor-element-ba23304 elementor-widget elementor-widget-text-editor\" data-id=\"ba23304\" data-element_type=\"widget\" data-widget_type=\"text-editor.default\">\n\t\t\t\t<div class=\"elementor-widget-container\">\n\t\t\t\t\t\t\t<p><span style=\"font-weight: 400;\">Los profesionales de Educaci\u00f3n Musical y Artes en la sociedad peruana tienen un papel relevante en la formaci\u00f3n acad\u00e9mica musical, preservaci\u00f3n cultural, desarrollo art\u00edstico, educaci\u00f3n integral, generaci\u00f3n de empleo y la difusi\u00f3n de la identidad. Asimismo, a trav\u00e9s de la formaci\u00f3n en Educaci\u00f3n Musical y Artes, se fomenta el enriquecimiento cultural y se valoran las expresiones art\u00edsticas propias del Per\u00fa.<\/span><\/p><p><span style=\"font-weight: 400;\">Nos complace acompa\u00f1ar a nuestros estudiantes en esta apasionante traves\u00eda de formaci\u00f3n musical y artes. Confiamos plenamente en que nuestro plan curricular les brindar\u00e1 las herramientas necesarias para alcanzar sus metas profesionales y desplegar su m\u00e1ximo potencial musical y art\u00edstico.<\/span><\/p><p><strong>Mgtr. F\u00e9lix Hip\u00f3lito Echevarr\u00eda Ram\u00edrez<\/strong><br \/>Coordinador(e)<br \/><span style=\"color: #b3224e;\"><i>fechevarria@undar.edu.pe<\/i><\/span><\/p>\t\t\t\t\t\t<\/div>\n\t\t\t\t<\/div>\n\t\t\t\t<div class=\"elementor-element elementor-element-ef34be1 elementor-widget elementor-widget-heading\" data-id=\"ef34be1\" data-element_type=\"widget\" data-widget_type=\"heading.default\">\n\t\t\t\t<div class=\"elementor-widget-container\">\n\t\t\t<h5 class=\"elementor-heading-title elementor-size-default\">ESCUELA PROFESIONAL DE EDUCACI\u00d3N MUSICAL Y ARTES<\/h5>\t\t<\/div>\n\t\t\t\t<\/div>\n\t\t\t\t<div class=\"elementor-element elementor-element-409995f elementor-widget elementor-widget-text-editor\" data-id=\"409995f\" data-element_type=\"widget\" data-widget_type=\"text-editor.default\">\n\t\t\t\t<div class=\"elementor-widget-container\">\n\t\t\t\t\t\t\t<p><strong>Dr. Fredy R\u00f3mulo Marcellini Morales<\/strong><br \/>Responsable(e)<br \/><span style=\"color: #b3224e;\"><i>fmarcellini@undar.edu.pe<\/i><\/span><\/p>\t\t\t\t\t\t<\/div>\n\t\t\t\t<\/div>\n\t\t\t\t\t<\/div>\n\t\t<\/div>\n\t\t\t\t\t<\/div>\n\t\t<\/section>\n\t\t\t\t<section class=\"elementor-section elementor-top-section elementor-element elementor-element-1720ed7 elementor-section-boxed elementor-section-height-default elementor-section-height-default\" data-id=\"1720ed7\" data-element_type=\"section\" data-settings=\"{&quot;background_background&quot;:&quot;classic&quot;}\">\n\t\t\t\t\t\t<div class=\"elementor-container elementor-column-gap-default\">\n\t\t\t\t\t<div class=\"elementor-column elementor-col-50 elementor-top-column elementor-element elementor-element-d326438\" data-id=\"d326438\" data-element_type=\"column\">\n\t\t\t<div class=\"elementor-widget-wrap elementor-element-populated\">\n\t\t\t\t\t\t<div class=\"elementor-element elementor-element-108ff44 elementor-widget elementor-widget-heading\" data-id=\"108ff44\" data-element_type=\"widget\" data-widget_type=\"heading.default\">\n\t\t\t\t<div class=\"elementor-widget-container\">\n\t\t\t<h2 class=\"elementor-heading-title elementor-size-small\"><b>Duraci\u00f3n de estudios:<\/b> 10 ciclos acad\u00e9micos<\/h2>\t\t<\/div>\n\t\t\t\t<\/div>\n\t\t\t\t<div class=\"elementor-element elementor-element-61b0bd8 elementor-widget-divider--view-line elementor-widget elementor-widget-divider\" data-id=\"61b0bd8\" data-element_type=\"widget\" data-widget_type=\"divider.default\">\n\t\t\t\t<div class=\"elementor-widget-container\">\n\t\t\t\t\t<div class=\"elementor-divider\">\n\t\t\t<span class=\"elementor-divider-separator\">\n\t\t\t\t\t\t<\/span>\n\t\t<\/div>\n\t\t\t\t<\/div>\n\t\t\t\t<\/div>\n\t\t\t\t<div class=\"elementor-element elementor-element-2ad9318 elementor-widget elementor-widget-heading\" data-id=\"2ad9318\" data-element_type=\"widget\" data-widget_type=\"heading.default\">\n\t\t\t\t<div class=\"elementor-widget-container\">\n\t\t\t<h2 class=\"elementor-heading-title elementor-size-small\"><b>Grado acad\u00e9mico:<\/b> Bachiller en Educaci\u00f3n Musical y Artes<\/h2>\t\t<\/div>\n\t\t\t\t<\/div>\n\t\t\t\t<div class=\"elementor-element elementor-element-83b58bb elementor-widget-divider--view-line elementor-widget elementor-widget-divider\" data-id=\"83b58bb\" data-element_type=\"widget\" data-widget_type=\"divider.default\">\n\t\t\t\t<div class=\"elementor-widget-container\">\n\t\t\t\t\t<div class=\"elementor-divider\">\n\t\t\t<span class=\"elementor-divider-separator\">\n\t\t\t\t\t\t<\/span>\n\t\t<\/div>\n\t\t\t\t<\/div>\n\t\t\t\t<\/div>\n\t\t\t\t<div class=\"elementor-element elementor-element-8fa2b0e elementor-widget elementor-widget-heading\" data-id=\"8fa2b0e\" data-element_type=\"widget\" data-widget_type=\"heading.default\">\n\t\t\t\t<div class=\"elementor-widget-container\">\n\t\t\t<h2 class=\"elementor-heading-title elementor-size-small\"><b>T\u00edtulo profesional:<\/b> Licenciado en Educaci\u00f3n Musical y Artes<\/h2>\t\t<\/div>\n\t\t\t\t<\/div>\n\t\t\t\t\t<\/div>\n\t\t<\/div>\n\t\t\t\t<div class=\"elementor-column elementor-col-50 elementor-top-column elementor-element elementor-element-27d82b9\" data-id=\"27d82b9\" data-element_type=\"column\">\n\t\t\t<div class=\"elementor-widget-wrap elementor-element-populated\">\n\t\t\t\t\t\t<div class=\"elementor-element elementor-element-00e2ccd elementor-align-center elementor-widget elementor-widget-button\" data-id=\"00e2ccd\" data-element_type=\"widget\" data-widget_type=\"button.default\">\n\t\t\t\t<div class=\"elementor-widget-container\">\n\t\t\t\t\t\t\t<div class=\"elementor-button-wrapper\">\n\t\t\t\t\t<a class=\"elementor-button elementor-button-link elementor-size-md\" href=\"http:\/\/www.undar.edu.pe\/wp-content\/uploads\/2023\/12\/PLAN-DE-ESTUDIOS-DE-LA-ESCUELA-PROFESIONAL-DE-EDUCACION-MUSICAL-Y-ARTES-UNDAR.pdf\" target=\"_blank\">\n\t\t\t\t\t\t<span class=\"elementor-button-content-wrapper\">\n\t\t\t\t\t\t<span class=\"elementor-button-icon\">\n\t\t\t\t<i aria-hidden=\"true\" class=\"fas fa-address-book\"><\/i>\t\t\t<\/span>\n\t\t\t\t\t\t\t\t\t<span class=\"elementor-button-text\">PLAN DE ESTUDIOS<\/span>\n\t\t\t\t\t<\/span>\n\t\t\t\t\t<\/a>\n\t\t\t\t<\/div>\n\t\t\t\t\t\t<\/div>\n\t\t\t\t<\/div>\n\t\t\t\t\t<\/div>\n\t\t<\/div>\n\t\t\t\t\t<\/div>\n\t\t<\/section>\n\t\t\t\t<section class=\"elementor-section elementor-top-section elementor-element elementor-element-def514c elementor-section-boxed elementor-section-height-default elementor-section-height-default\" data-id=\"def514c\" data-element_type=\"section\" data-settings=\"{&quot;background_background&quot;:&quot;classic&quot;}\">\n\t\t\t\t\t\t<div class=\"elementor-container elementor-column-gap-default\">\n\t\t\t\t\t<div class=\"elementor-column elementor-col-100 elementor-top-column elementor-element elementor-element-bba5a11\" data-id=\"bba5a11\" data-element_type=\"column\">\n\t\t\t<div class=\"elementor-widget-wrap elementor-element-populated\">\n\t\t\t\t\t\t<div class=\"elementor-element elementor-element-7710742 elementor-view-default elementor-widget elementor-widget-icon\" data-id=\"7710742\" data-element_type=\"widget\" data-widget_type=\"icon.default\">\n\t\t\t\t<div class=\"elementor-widget-container\">\n\t\t\t\t\t<div class=\"elementor-icon-wrapper\">\n\t\t\t<div class=\"elementor-icon\">\n\t\t\t<i aria-hidden=\"true\" class=\"fas fa-user\"><\/i>\t\t\t<\/div>\n\t\t<\/div>\n\t\t\t\t<\/div>\n\t\t\t\t<\/div>\n\t\t\t\t<div class=\"elementor-element elementor-element-3ccc41e elementor-widget elementor-widget-heading\" data-id=\"3ccc41e\" data-element_type=\"widget\" data-widget_type=\"heading.default\">\n\t\t\t\t<div class=\"elementor-widget-container\">\n\t\t\t<h2 class=\"elementor-heading-title elementor-size-default\">Perfil del estudiante\n<\/h2>\t\t<\/div>\n\t\t\t\t<\/div>\n\t\t\t\t<section class=\"elementor-section elementor-inner-section elementor-element elementor-element-1bdd10a elementor-section-boxed elementor-section-height-default elementor-section-height-default\" data-id=\"1bdd10a\" data-element_type=\"section\">\n\t\t\t\t\t\t<div class=\"elementor-container elementor-column-gap-default\">\n\t\t\t\t\t<div class=\"elementor-column elementor-col-50 elementor-inner-column elementor-element elementor-element-9439616\" data-id=\"9439616\" data-element_type=\"column\">\n\t\t\t<div class=\"elementor-widget-wrap elementor-element-populated\">\n\t\t\t\t\t\t<div class=\"elementor-element elementor-element-f8345c8 elementor-widget elementor-widget-text-editor\" data-id=\"f8345c8\" data-element_type=\"widget\" data-widget_type=\"text-editor.default\">\n\t\t\t\t<div class=\"elementor-widget-container\">\n\t\t\t\t\t\t\t<p>El estudiante de la UNDAR desarrolla una formaci\u00f3n \u00e9tica, responsable y democr\u00e1tica en el campo de la educaci\u00f3n musical y art\u00edstica; comunica y opina sobre saberes previos a diversas tem\u00e1ticas art\u00edsticas, socioculturales, pol\u00edticas, entre otros; practica una vida activa y saludable desde el an\u00e1lisis estudiantil, teniendo en cuenta buenas pr\u00e1cticas art\u00edsticas, culturales y de los diversos contextos (local, regional, nacional e internacional); participa democr\u00e1ticamente en sus actividades acad\u00e9micas sobre la base del reconocimiento de sus deberes y derechos, la comprensi\u00f3n de los procesos hist\u00f3ricos y sociales de nuestro pa\u00eds y del mundo; realiza representaciones art\u00edsticas, teniendo en cuenta los formatos, t\u00e9cnicas y el conocimiento propio de la expresi\u00f3n.<\/p>\t\t\t\t\t\t<\/div>\n\t\t\t\t<\/div>\n\t\t\t\t\t<\/div>\n\t\t<\/div>\n\t\t\t\t<div class=\"elementor-column elementor-col-50 elementor-inner-column elementor-element elementor-element-308b811\" data-id=\"308b811\" data-element_type=\"column\">\n\t\t\t<div class=\"elementor-widget-wrap elementor-element-populated\">\n\t\t\t\t\t\t<div class=\"elementor-element elementor-element-30086c5 elementor-widget elementor-widget-image\" data-id=\"30086c5\" data-element_type=\"widget\" data-widget_type=\"image.default\">\n\t\t\t\t<div class=\"elementor-widget-container\">\n\t\t\t\t\t\t\t\t\t\t\t\t\t<img fetchpriority=\"high\" decoding=\"async\" width=\"800\" height=\"534\" src=\"http:\/\/www.undar.edu.pe\/wp-content\/uploads\/2023\/12\/perfil-estudiante-undar_2-1024x684.jpg\" class=\"attachment-large size-large wp-image-52210\" alt=\"Foto (en plano medio) de estudiantes revisando material bibliogr\u00e1fico en los pasillos de la instituci\u00f3n.\" srcset=\"http:\/\/www.undar.edu.pe\/wp-content\/uploads\/2023\/12\/perfil-estudiante-undar_2-1024x684.jpg 1024w, http:\/\/www.undar.edu.pe\/wp-content\/uploads\/2023\/12\/perfil-estudiante-undar_2-300x200.jpg 300w, http:\/\/www.undar.edu.pe\/wp-content\/uploads\/2023\/12\/perfil-estudiante-undar_2-768x513.jpg 768w, http:\/\/www.undar.edu.pe\/wp-content\/uploads\/2023\/12\/perfil-estudiante-undar_2-1536x1025.jpg 1536w, http:\/\/www.undar.edu.pe\/wp-content\/uploads\/2023\/12\/perfil-estudiante-undar_2-2048x1367.jpg 2048w\" sizes=\"(max-width: 800px) 100vw, 800px\" \/>\t\t\t\t\t\t\t\t\t\t\t\t\t<\/div>\n\t\t\t\t<\/div>\n\t\t\t\t<div class=\"elementor-element elementor-element-67ed673 elementor-widget elementor-widget-text-editor\" data-id=\"67ed673\" data-element_type=\"widget\" data-widget_type=\"text-editor.default\">\n\t\t\t\t<div class=\"elementor-widget-container\">\n\t\t\t\t\t\t\t<p><em>Estudiantes revisando material bibliogr\u00e1fico en los pasillos de la instituci\u00f3n.<\/em><\/p>\t\t\t\t\t\t<\/div>\n\t\t\t\t<\/div>\n\t\t\t\t\t<\/div>\n\t\t<\/div>\n\t\t\t\t\t<\/div>\n\t\t<\/section>\n\t\t\t\t<div class=\"elementor-element elementor-element-46947e8 elementor-align-left elementor-widget elementor-widget-button\" data-id=\"46947e8\" data-element_type=\"widget\" data-widget_type=\"button.default\">\n\t\t\t\t<div class=\"elementor-widget-container\">\n\t\t\t\t\t\t\t<div class=\"elementor-button-wrapper\">\n\t\t\t\t\t<a class=\"elementor-button elementor-button-link elementor-size-md\" href=\"http:\/\/www.undar.edu.pe\/wp-content\/uploads\/2023\/12\/MALLA-CURRICULAR-2023-EP-EDUCACION-MUSICAL-Y-ARTES.pdf\" target=\"_blank\">\n\t\t\t\t\t\t<span class=\"elementor-button-content-wrapper\">\n\t\t\t\t\t\t<span class=\"elementor-button-icon\">\n\t\t\t\t<i aria-hidden=\"true\" class=\"far fa-address-book\"><\/i>\t\t\t<\/span>\n\t\t\t\t\t\t\t\t\t<span class=\"elementor-button-text\">MALLA CURRICULAR<\/span>\n\t\t\t\t\t<\/span>\n\t\t\t\t\t<\/a>\n\t\t\t\t<\/div>\n\t\t\t\t\t\t<\/div>\n\t\t\t\t<\/div>\n\t\t\t\t<div class=\"elementor-element elementor-element-efce093 elementor-view-default elementor-widget elementor-widget-icon\" data-id=\"efce093\" data-element_type=\"widget\" data-widget_type=\"icon.default\">\n\t\t\t\t<div class=\"elementor-widget-container\">\n\t\t\t\t\t<div class=\"elementor-icon-wrapper\">\n\t\t\t<div class=\"elementor-icon\">\n\t\t\t<i aria-hidden=\"true\" class=\"fas fa-user-graduate\"><\/i>\t\t\t<\/div>\n\t\t<\/div>\n\t\t\t\t<\/div>\n\t\t\t\t<\/div>\n\t\t\t\t<div class=\"elementor-element elementor-element-38b6db2 elementor-widget elementor-widget-heading\" data-id=\"38b6db2\" data-element_type=\"widget\" data-widget_type=\"heading.default\">\n\t\t\t\t<div class=\"elementor-widget-container\">\n\t\t\t<h2 class=\"elementor-heading-title elementor-size-default\">Perfil del egresado\n<\/h2>\t\t<\/div>\n\t\t\t\t<\/div>\n\t\t\t\t<section class=\"elementor-section elementor-inner-section elementor-element elementor-element-8f8152b elementor-section-boxed elementor-section-height-default elementor-section-height-default\" data-id=\"8f8152b\" data-element_type=\"section\">\n\t\t\t\t\t\t<div class=\"elementor-container elementor-column-gap-default\">\n\t\t\t\t\t<div class=\"elementor-column elementor-col-50 elementor-inner-column elementor-element elementor-element-41f261e\" data-id=\"41f261e\" data-element_type=\"column\">\n\t\t\t<div class=\"elementor-widget-wrap elementor-element-populated\">\n\t\t\t\t\t\t<div class=\"elementor-element elementor-element-35151df elementor-widget elementor-widget-text-editor\" data-id=\"35151df\" data-element_type=\"widget\" data-widget_type=\"text-editor.default\">\n\t\t\t\t<div class=\"elementor-widget-container\">\n\t\t\t\t\t\t\t<p>El egresado de la Escuela Profesional de Educaci\u00f3n Musical y Artes, al concluir los estudios, contar\u00e1 con una s\u00f3lida formaci\u00f3n art\u00edstica y musical para los diferentes niveles de educaci\u00f3n, con un formaci\u00f3n interdisciplinaria, psicopedag\u00f3gica, human\u00edstico-social, que le permita la construcci\u00f3n de experiencias pedag\u00f3gicas para la ense\u00f1anza de la m\u00fasica, las dem\u00e1s artes y la investigaci\u00f3n del proceso educativo art\u00edstico-musical, desde una perspectiva \u00e9tica, flexible, aut\u00f3noma, responsable, innovadora y con disposici\u00f3n para la superaci\u00f3n y actualizaci\u00f3n permanente, capaz de afrontar con pertinencia los desaf\u00edos del nuevo milenio en el \u00e1mbito creativo, de gesti\u00f3n y de investigaci\u00f3n para contribuir en la transformaci\u00f3n social-cultural.<\/p>\t\t\t\t\t\t<\/div>\n\t\t\t\t<\/div>\n\t\t\t\t\t<\/div>\n\t\t<\/div>\n\t\t\t\t<div class=\"elementor-column elementor-col-50 elementor-inner-column elementor-element elementor-element-0f0e06f\" data-id=\"0f0e06f\" data-element_type=\"column\">\n\t\t\t<div class=\"elementor-widget-wrap elementor-element-populated\">\n\t\t\t\t\t\t<div class=\"elementor-element elementor-element-31930c1 elementor-widget elementor-widget-image\" data-id=\"31930c1\" data-element_type=\"widget\" data-widget_type=\"image.default\">\n\t\t\t\t<div class=\"elementor-widget-container\">\n\t\t\t\t\t\t\t\t\t\t\t\t\t<img decoding=\"async\" width=\"800\" height=\"534\" src=\"http:\/\/www.undar.edu.pe\/wp-content\/uploads\/2023\/12\/perfil-egresado-undar_3-1024x684.jpg\" class=\"attachment-large size-large wp-image-52214\" alt=\"Foto de docente y estudiantes en el primer d\u00eda de clases\" srcset=\"http:\/\/www.undar.edu.pe\/wp-content\/uploads\/2023\/12\/perfil-egresado-undar_3-1024x684.jpg 1024w, http:\/\/www.undar.edu.pe\/wp-content\/uploads\/2023\/12\/perfil-egresado-undar_3-300x200.jpg 300w, http:\/\/www.undar.edu.pe\/wp-content\/uploads\/2023\/12\/perfil-egresado-undar_3-768x513.jpg 768w, http:\/\/www.undar.edu.pe\/wp-content\/uploads\/2023\/12\/perfil-egresado-undar_3-1536x1025.jpg 1536w, http:\/\/www.undar.edu.pe\/wp-content\/uploads\/2023\/12\/perfil-egresado-undar_3-2048x1367.jpg 2048w\" sizes=\"(max-width: 800px) 100vw, 800px\" \/>\t\t\t\t\t\t\t\t\t\t\t\t\t<\/div>\n\t\t\t\t<\/div>\n\t\t\t\t<div class=\"elementor-element elementor-element-dc85e48 elementor-widget elementor-widget-text-editor\" data-id=\"dc85e48\" data-element_type=\"widget\" data-widget_type=\"text-editor.default\">\n\t\t\t\t<div class=\"elementor-widget-container\">\n\t\t\t\t\t\t\t<p><em>Docente y estudiantes en el primer d\u00eda de clases<\/em><\/p>\t\t\t\t\t\t<\/div>\n\t\t\t\t<\/div>\n\t\t\t\t\t<\/div>\n\t\t<\/div>\n\t\t\t\t\t<\/div>\n\t\t<\/section>\n\t\t\t\t<div class=\"elementor-element elementor-element-2e74562 elementor-view-default elementor-widget elementor-widget-icon\" data-id=\"2e74562\" data-element_type=\"widget\" data-widget_type=\"icon.default\">\n\t\t\t\t<div class=\"elementor-widget-container\">\n\t\t\t\t\t<div class=\"elementor-icon-wrapper\">\n\t\t\t<div class=\"elementor-icon\">\n\t\t\t<i aria-hidden=\"true\" class=\"fas fa-music\"><\/i>\t\t\t<\/div>\n\t\t<\/div>\n\t\t\t\t<\/div>\n\t\t\t\t<\/div>\n\t\t\t\t<div class=\"elementor-element elementor-element-89f4a52 elementor-widget elementor-widget-heading\" data-id=\"89f4a52\" data-element_type=\"widget\" data-widget_type=\"heading.default\">\n\t\t\t\t<div class=\"elementor-widget-container\">\n\t\t\t<h2 class=\"elementor-heading-title elementor-size-default\">Mercado ocupacional<\/h2>\t\t<\/div>\n\t\t\t\t<\/div>\n\t\t\t\t<section class=\"elementor-section elementor-inner-section elementor-element elementor-element-c93fbcd elementor-section-boxed elementor-section-height-default elementor-section-height-default\" data-id=\"c93fbcd\" data-element_type=\"section\">\n\t\t\t\t\t\t<div class=\"elementor-container elementor-column-gap-default\">\n\t\t\t\t\t<div class=\"elementor-column elementor-col-50 elementor-inner-column elementor-element elementor-element-e73f4b4\" data-id=\"e73f4b4\" data-element_type=\"column\">\n\t\t\t<div class=\"elementor-widget-wrap elementor-element-populated\">\n\t\t\t\t\t\t<div class=\"elementor-element elementor-element-9a71eea elementor-widget elementor-widget-text-editor\" data-id=\"9a71eea\" data-element_type=\"widget\" data-widget_type=\"text-editor.default\">\n\t\t\t\t<div class=\"elementor-widget-container\">\n\t\t\t\t\t\t\t<ul>\n<li>Docentes de escuelas abiertas con t\u00edtulo de licenciado en Educaci\u00f3n Musical y Artes para ocuparse de actividades expresamente de car\u00e1cter art\u00edstico: talleres de danza, talleres de coro y m\u00fasica, talleres de pintura, talleres de teatro, etc.<\/li>\n<li>Profesores y artistas en las \u00e1reas de m\u00fasica, danza, teatro y artes visuales para atender el programa de Escuelas Abiertas, impulsado por el Ministerio de Educaci\u00f3n. <\/li>\n<li>Docentes o artistas profesionales para universidades, instituciones municipales y regionales, dependencias de los ministerios p\u00fablicos, programas de extensi\u00f3n educativa y art\u00edstica, y otros programas de asociaciones civiles.<\/li>\n<li>Profesionales del arte para programas de extensi\u00f3n educativa y cultural; dictado de cursos de arte; programas extracurriculares; funcionamiento de agrupaciones art\u00edsticas (corales, danzar\u00edas, orquestales) en municipios, regiones, universidades, asociaciones civiles; atenci\u00f3n en academias privadas; programas televisivos y comunicativos, etc.<\/li>\n<li>Int\u00e9rpretes, solistas, compositores, productores y educadores musicales para la formaci\u00f3n de agrupamientos art\u00edstico- musicales profesionales (coros polif\u00f3nicos, bandas sinf\u00f3nicas, orquestas de c\u00e1mara, orquestas sinf\u00f3nicas, ensambles, conjuntos, estudiantinas, etc.).<\/li>\n<li>M\u00fasicos profesionales para atender las demandas de producci\u00f3n en sonidos, promoci\u00f3n de espect\u00e1culos musicales, actividades tur\u00edsticas y comerciales con productos musicales y art\u00edsticos.<\/li>\n<\/ul>\t\t\t\t\t\t<\/div>\n\t\t\t\t<\/div>\n\t\t\t\t\t<\/div>\n\t\t<\/div>\n\t\t\t\t<div class=\"elementor-column elementor-col-50 elementor-inner-column elementor-element elementor-element-406414c\" data-id=\"406414c\" data-element_type=\"column\">\n\t\t\t<div class=\"elementor-widget-wrap elementor-element-populated\">\n\t\t\t\t\t\t<div class=\"elementor-element elementor-element-bf8d785 elementor-widget elementor-widget-image\" data-id=\"bf8d785\" data-element_type=\"widget\" data-widget_type=\"image.default\">\n\t\t\t\t<div class=\"elementor-widget-container\">\n\t\t\t\t\t\t\t\t\t\t\t\t\t<img decoding=\"async\" width=\"684\" height=\"1024\" src=\"http:\/\/www.undar.edu.pe\/wp-content\/uploads\/2023\/12\/mercado-ocupacional-fema-2-684x1024.jpg\" class=\"attachment-large size-large wp-image-52218\" alt=\"Foto de docente y estudiante mujer en clase pr\u00e1ctica de piano\" srcset=\"http:\/\/www.undar.edu.pe\/wp-content\/uploads\/2023\/12\/mercado-ocupacional-fema-2-684x1024.jpg 684w, http:\/\/www.undar.edu.pe\/wp-content\/uploads\/2023\/12\/mercado-ocupacional-fema-2-200x300.jpg 200w, http:\/\/www.undar.edu.pe\/wp-content\/uploads\/2023\/12\/mercado-ocupacional-fema-2-768x1150.jpg 768w, http:\/\/www.undar.edu.pe\/wp-content\/uploads\/2023\/12\/mercado-ocupacional-fema-2-1025x1536.jpg 1025w, http:\/\/www.undar.edu.pe\/wp-content\/uploads\/2023\/12\/mercado-ocupacional-fema-2-1367x2048.jpg 1367w, http:\/\/www.undar.edu.pe\/wp-content\/uploads\/2023\/12\/mercado-ocupacional-fema-2-scaled.jpg 1709w\" sizes=\"(max-width: 684px) 100vw, 684px\" \/>\t\t\t\t\t\t\t\t\t\t\t\t\t<\/div>\n\t\t\t\t<\/div>\n\t\t\t\t<div class=\"elementor-element elementor-element-d2e17c6 elementor-widget elementor-widget-text-editor\" data-id=\"d2e17c6\" data-element_type=\"widget\" data-widget_type=\"text-editor.default\">\n\t\t\t\t<div class=\"elementor-widget-container\">\n\t\t\t\t\t\t\t<p><em>Pr\u00e1ctica musical de piano<\/em><\/p>\t\t\t\t\t\t<\/div>\n\t\t\t\t<\/div>\n\t\t\t\t\t<\/div>\n\t\t<\/div>\n\t\t\t\t\t<\/div>\n\t\t<\/section>\n\t\t\t\t\t<\/div>\n\t\t<\/div>\n\t\t\t\t\t<\/div>\n\t\t<\/section>\n\t\t\t\t<section class=\"elementor-section elementor-top-section elementor-element elementor-element-195b0ef elementor-section-boxed elementor-section-height-default elementor-section-height-default\" data-id=\"195b0ef\" data-element_type=\"section\" data-settings=\"{&quot;background_background&quot;:&quot;classic&quot;}\">\n\t\t\t\t\t\t\t<div class=\"elementor-background-overlay\"><\/div>\n\t\t\t\t\t\t\t<div class=\"elementor-container elementor-column-gap-default\">\n\t\t\t\t\t<div class=\"elementor-column elementor-col-100 elementor-top-column elementor-element elementor-element-821cd63\" data-id=\"821cd63\" data-element_type=\"column\">\n\t\t\t<div class=\"elementor-widget-wrap elementor-element-populated\">\n\t\t\t\t\t\t<section class=\"elementor-section elementor-inner-section elementor-element elementor-element-f0287ed elementor-section-boxed elementor-section-height-default elementor-section-height-default\" data-id=\"f0287ed\" data-element_type=\"section\" data-settings=\"{&quot;background_background&quot;:&quot;classic&quot;}\">\n\t\t\t\t\t\t<div class=\"elementor-container elementor-column-gap-default\">\n\t\t\t\t\t<div class=\"elementor-column elementor-col-100 elementor-inner-column elementor-element elementor-element-c8136f7\" data-id=\"c8136f7\" data-element_type=\"column\">\n\t\t\t<div class=\"elementor-widget-wrap elementor-element-populated\">\n\t\t\t\t\t\t<div class=\"elementor-element elementor-element-3fd4160 elementor-align-left elementor-widget elementor-widget-button\" data-id=\"3fd4160\" data-element_type=\"widget\" data-widget_type=\"button.default\">\n\t\t\t\t<div class=\"elementor-widget-container\">\n\t\t\t\t\t\t\t<div class=\"elementor-button-wrapper\">\n\t\t\t\t\t<a class=\"elementor-button elementor-button-link elementor-size-lg\" href=\"https:\/\/www.undar.edu.pe\/index.php\/facultad-de-musica\/\">\n\t\t\t\t\t\t<span class=\"elementor-button-content-wrapper\">\n\t\t\t\t\t\t<span class=\"elementor-button-icon\">\n\t\t\t\t<i aria-hidden=\"true\" class=\"fas fa-angle-double-right\"><\/i>\t\t\t<\/span>\n\t\t\t\t\t\t\t\t\t<span class=\"elementor-button-text\">Ir a la Facultad de M\u00fasica<\/span>\n\t\t\t\t\t<\/span>\n\t\t\t\t\t<\/a>\n\t\t\t\t<\/div>\n\t\t\t\t\t\t<\/div>\n\t\t\t\t<\/div>\n\t\t\t\t\t<\/div>\n\t\t<\/div>\n\t\t\t\t\t<\/div>\n\t\t<\/section>\n\t\t\t\t<div class=\"elementor-element elementor-element-bda8c09 elementor-widget elementor-widget-text-editor\" data-id=\"bda8c09\" data-element_type=\"widget\" data-widget_type=\"text-editor.default\">\n\t\t\t\t<div class=\"elementor-widget-container\">\n\t\t\t\t\t\t\t<p><span style=\"color: #343434;\"><button id=\"listenButton1\" class=\"responsivevoice-button\" type=\"button\" value=\"Play\" title=\"ResponsiveVoice Tap to Start\/Stop Speech\"><span>&#128266; Listen to this<\/span><\/button>\n        <script>\n            listenButton1.onclick = function(){\n                if(responsiveVoice.isPlaying()){\n                    responsiveVoice.cancel();\n                }else{\n                    responsiveVoice.speak(\"FACULTAD DE EDUCACI\u00d3N MUSICAL Y ARTESFACULTAD DE EDUCACI\u00d3N MUSICAL Y ARTESFACULTAD DE EDUCACI\u00d3N MUSICAL Y ARTESFACULTAD DE EDUCACI\u00d3N MUSICAL Y ARTESFACULTAD DE EDUCACI\u00d3N MUSICAL Y ARTES Diapositiva anterior Diapositiva siguiente Universidad Nacional Daniel Alom\u00eda Robles - Facultad de Educaci\u00f3n Musical y Artes FACULTAD DE EDUCACI\u00d3N MUSICAL Y ARTES Los profesionales de Educaci\u00f3n Musical y Artes en la sociedad peruana tienen un papel relevante en la formaci\u00f3n acad\u00e9mica musical, preservaci\u00f3n cultural, desarrollo art\u00edstico, educaci\u00f3n integral, generaci\u00f3n de empleo y la difusi\u00f3n de la identidad. Asimismo, a trav\u00e9s de la formaci\u00f3n en Educaci\u00f3n Musical y Artes, se fomenta el enriquecimiento cultural y se valoran las expresiones art\u00edsticas propias del Per\u00fa.Nos complace acompa\u00f1ar a nuestros estudiantes en esta apasionante traves\u00eda de formaci\u00f3n musical y artes. Confiamos plenamente en que nuestro plan curricular les brindar\u00e1 las herramientas necesarias para alcanzar sus metas profesionales y desplegar su m\u00e1ximo potencial musical y art\u00edstico.Mgtr. F\u00e9lix Hip\u00f3lito Echevarr\u00eda Ram\u00edrezCoordinador(e)fechevarria@undar.edu.pe ESCUELA PROFESIONAL DE EDUCACI\u00d3N MUSICAL Y ARTES Dr. Fredy R\u00f3mulo Marcellini MoralesResponsable(e)fmarcellini@undar.edu.pe Duraci\u00f3n de estudios: 10 ciclos acad\u00e9micos Grado acad\u00e9mico: Bachiller en Educaci\u00f3n Musical y Artes T\u00edtulo profesional: Licenciado en Educaci\u00f3n Musical y Artes PLAN DE ESTUDIOS Perfil del estudiante El estudiante de la UNDAR desarrolla una formaci\u00f3n \u00e9tica, responsable y democr\u00e1tica en el campo de la educaci\u00f3n musical y art\u00edstica; comunica y opina sobre saberes previos a diversas tem\u00e1ticas art\u00edsticas, socioculturales, pol\u00edticas, entre otros; practica una vida activa y saludable desde el an\u00e1lisis estudiantil, teniendo en cuenta buenas pr\u00e1cticas art\u00edsticas, culturales y de los diversos contextos (local, regional, nacional e internacional); participa democr\u00e1ticamente en sus actividades acad\u00e9micas sobre la base del reconocimiento de sus deberes y derechos, la comprensi\u00f3n de los procesos hist\u00f3ricos y sociales de nuestro pa\u00eds y del mundo; realiza representaciones art\u00edsticas, teniendo en cuenta los formatos, t\u00e9cnicas y el conocimiento propio de la expresi\u00f3n. Estudiantes revisando material bibliogr\u00e1fico en los pasillos de la instituci\u00f3n. MALLA CURRICULAR Perfil del egresado El egresado de la Escuela Profesional de Educaci\u00f3n Musical y Artes, al concluir los estudios, contar\u00e1 con una s\u00f3lida formaci\u00f3n art\u00edstica y musical para los diferentes niveles de educaci\u00f3n, con un formaci\u00f3n interdisciplinaria, psicopedag\u00f3gica, human\u00edstico-social, que le permita la construcci\u00f3n de experiencias pedag\u00f3gicas para la ense\u00f1anza de la m\u00fasica, las dem\u00e1s artes y la investigaci\u00f3n del proceso educativo art\u00edstico-musical, desde una perspectiva \u00e9tica, flexible, aut\u00f3noma, responsable, innovadora y con disposici\u00f3n para la superaci\u00f3n y actualizaci\u00f3n permanente, capaz de afrontar con pertinencia los desaf\u00edos del nuevo milenio en el \u00e1mbito creativo, de gesti\u00f3n y de investigaci\u00f3n para contribuir en la transformaci\u00f3n social-cultural. Docente y estudiantes en el primer d\u00eda de clases Mercado ocupacional Docentes de escuelas abiertas con t\u00edtulo de licenciado en Educaci\u00f3n Musical y Artes para ocuparse de actividades expresamente de car\u00e1cter art\u00edstico: talleres de danza, talleres de coro y m\u00fasica, talleres de pintura, talleres de teatro, etc. Profesores y artistas en las \u00e1reas de m\u00fasica, danza, teatro y artes visuales para atender el programa de Escuelas Abiertas, impulsado por el Ministerio de Educaci\u00f3n. Docentes o artistas profesionales para universidades, instituciones municipales y regionales, dependencias de los ministerios p\u00fablicos, programas de extensi\u00f3n educativa y art\u00edstica, y otros programas de asociaciones civiles. Profesionales del arte para programas de extensi\u00f3n educativa y cultural; dictado de cursos de arte; programas extracurriculares; funcionamiento de agrupaciones art\u00edsticas (corales, danzar\u00edas, orquestales) en municipios, regiones, universidades, asociaciones civiles; atenci\u00f3n en academias privadas; programas televisivos y comunicativos, etc. Int\u00e9rpretes, solistas, compositores, productores y educadores musicales para la formaci\u00f3n de agrupamientos art\u00edstico- musicales profesionales (coros polif\u00f3nicos, bandas sinf\u00f3nicas, orquestas de c\u00e1mara, orquestas sinf\u00f3nicas, ensambles, conjuntos, estudiantinas, etc.). M\u00fasicos profesionales para atender las demandas de producci\u00f3n en sonidos, promoci\u00f3n de espect\u00e1culos musicales, actividades tur\u00edsticas y comerciales con productos musicales y art\u00edsticos. Pr\u00e1ctica musical de piano Ir a la Facultad de M\u00fasica \u00a0\", \"UK English Female\");\n                }\n            };\n        <\/script>\n    \u00a0<\/span><\/p>\t\t\t\t\t\t<\/div>\n\t\t\t\t<\/div>\n\t\t\t\t\t<\/div>\n\t\t<\/div>\n\t\t\t\t\t<\/div>\n\t\t<\/section>\n\t\t\t\t<\/div>\n\t\t","protected":false},"excerpt":{"rendered":"<p>FACULTAD DE EDUCACI\u00d3N MUSICAL Y ARTESFACULTAD DE EDUCACI\u00d3N MUSICAL Y ARTESFACULTAD DE EDUCACI\u00d3N MUSICAL Y ARTESFACULTAD DE EDUCACI\u00d3N MUSICAL Y ARTESFACULTAD DE EDUCACI\u00d3N MUSICAL Y ARTES Diapositiva anterior Diapositiva siguiente Universidad Nacional Daniel Alom\u00eda Robles &#8211; Facultad de Educaci\u00f3n Musical y Artes FACULTAD DE EDUCACI\u00d3N MUSICAL Y ARTES Los profesionales de Educaci\u00f3n Musical y Artes [&hellip;]<\/p>\n","protected":false},"author":1,"featured_media":0,"parent":0,"menu_order":0,"comment_status":"closed","ping_status":"closed","template":"","meta":{"_uf_show_specific_survey":0,"_uf_disable_surveys":false,"footnotes":""},"class_list":["post-558","page","type-page","status-publish","hentry"],"aioseo_notices":[],"_links":{"self":[{"href":"http:\/\/www.undar.edu.pe\/index.php\/wp-json\/wp\/v2\/pages\/558","targetHints":{"allow":["GET"]}}],"collection":[{"href":"http:\/\/www.undar.edu.pe\/index.php\/wp-json\/wp\/v2\/pages"}],"about":[{"href":"http:\/\/www.undar.edu.pe\/index.php\/wp-json\/wp\/v2\/types\/page"}],"author":[{"embeddable":true,"href":"http:\/\/www.undar.edu.pe\/index.php\/wp-json\/wp\/v2\/users\/1"}],"replies":[{"embeddable":true,"href":"http:\/\/www.undar.edu.pe\/index.php\/wp-json\/wp\/v2\/comments?post=558"}],"version-history":[{"count":797,"href":"http:\/\/www.undar.edu.pe\/index.php\/wp-json\/wp\/v2\/pages\/558\/revisions"}],"predecessor-version":[{"id":61236,"href":"http:\/\/www.undar.edu.pe\/index.php\/wp-json\/wp\/v2\/pages\/558\/revisions\/61236"}],"wp:attachment":[{"href":"http:\/\/www.undar.edu.pe\/index.php\/wp-json\/wp\/v2\/media?parent=558"}],"curies":[{"name":"wp","href":"https:\/\/api.w.org\/{rel}","templated":true}]}}