{"id":4793,"date":"2021-11-10T13:27:02","date_gmt":"2021-11-10T18:27:02","guid":{"rendered":"http:\/\/web.undar.edu.pe\/?page_id=4793"},"modified":"2025-03-25T13:36:06","modified_gmt":"2025-03-25T18:36:06","slug":"facultad-de-musica","status":"publish","type":"page","link":"http:\/\/www.undar.edu.pe\/index.php\/facultad-de-musica\/","title":{"rendered":"FACULTAD DE M\u00daSICA"},"content":{"rendered":"\t\t<div data-elementor-type=\"wp-page\" data-elementor-id=\"4793\" class=\"elementor elementor-4793\" data-elementor-post-type=\"page\">\n\t\t\t\t\t\t<section class=\"elementor-section elementor-top-section elementor-element elementor-element-a597e8e elementor-section-full_width elementor-section-content-space-between elementor-section-height-default elementor-section-height-default\" data-id=\"a597e8e\" data-element_type=\"section\">\n\t\t\t\t\t\t<div class=\"elementor-container elementor-column-gap-no\">\n\t\t\t\t\t<div class=\"elementor-column elementor-col-100 elementor-top-column elementor-element elementor-element-27a5dbd\" data-id=\"27a5dbd\" data-element_type=\"column\">\n\t\t\t<div class=\"elementor-widget-wrap elementor-element-populated\">\n\t\t\t\t\t\t<div class=\"elementor-element elementor-element-a1c0464 elementor-widget__width-inherit elementor--h-position-center elementor--v-position-middle elementor-arrows-position-inside elementor-widget elementor-widget-slides\" data-id=\"a1c0464\" data-element_type=\"widget\" data-settings=\"{&quot;navigation&quot;:&quot;arrows&quot;,&quot;autoplay&quot;:&quot;yes&quot;,&quot;pause_on_hover&quot;:&quot;yes&quot;,&quot;pause_on_interaction&quot;:&quot;yes&quot;,&quot;autoplay_speed&quot;:5000,&quot;infinite&quot;:&quot;yes&quot;,&quot;transition&quot;:&quot;slide&quot;,&quot;transition_speed&quot;:500}\" data-widget_type=\"slides.default\">\n\t\t\t\t<div class=\"elementor-widget-container\">\n\t\t\t\t\t<div class=\"elementor-swiper\">\n\t\t\t<div class=\"elementor-slides-wrapper elementor-main-swiper swiper\" dir=\"ltr\" data-animation=\"fadeInUp\">\n\t\t\t\t<div class=\"swiper-wrapper elementor-slides\">\n\t\t\t\t\t\t\t\t\t\t<div class=\"elementor-repeater-item-ac47965 swiper-slide\"><div class=\"swiper-slide-bg\" role=\"img\"><\/div><div class=\"elementor-background-overlay\"><\/div><div class=\"swiper-slide-inner\" ><div class=\"swiper-slide-contents\"><div class=\"elementor-slide-heading\">FACULTAD DE M\u00daSICA<\/div><\/div><\/div><\/div><div class=\"elementor-repeater-item-9522ee3 swiper-slide\"><div class=\"swiper-slide-bg\" role=\"img\"><\/div><div class=\"elementor-background-overlay\"><\/div><div class=\"swiper-slide-inner\" ><div class=\"swiper-slide-contents\"><div class=\"elementor-slide-heading\">FACULTAD DE M\u00daSICA<\/div><\/div><\/div><\/div><div class=\"elementor-repeater-item-fa66a0f swiper-slide\"><div class=\"swiper-slide-bg\" role=\"img\"><\/div><div class=\"elementor-background-overlay\"><\/div><div class=\"swiper-slide-inner\" ><div class=\"swiper-slide-contents\"><div class=\"elementor-slide-heading\">FACULTAD DE M\u00daSICA<\/div><\/div><\/div><\/div><div class=\"elementor-repeater-item-25aee65 swiper-slide\"><div class=\"swiper-slide-bg\" role=\"img\"><\/div><div class=\"elementor-background-overlay\"><\/div><div class=\"swiper-slide-inner\" ><div class=\"swiper-slide-contents\"><div class=\"elementor-slide-heading\">FACULTAD DE M\u00daSICA<\/div><\/div><\/div><\/div>\t\t\t\t<\/div>\n\t\t\t\t\t\t\t\t\t\t\t\t\t\t\t\t\t\t\t\t<div class=\"elementor-swiper-button elementor-swiper-button-prev\" role=\"button\" tabindex=\"0\">\n\t\t\t\t\t\t\t<i aria-hidden=\"true\" class=\"eicon-chevron-left\"><\/i>\t\t\t\t\t\t\t<span class=\"elementor-screen-only\">Diapositiva anterior<\/span>\n\t\t\t\t\t\t<\/div>\n\t\t\t\t\t\t<div class=\"elementor-swiper-button elementor-swiper-button-next\" role=\"button\" tabindex=\"0\">\n\t\t\t\t\t\t\t<i aria-hidden=\"true\" class=\"eicon-chevron-right\"><\/i>\t\t\t\t\t\t\t<span class=\"elementor-screen-only\">Diapositiva siguiente<\/span>\n\t\t\t\t\t\t<\/div>\n\t\t\t\t\t\t\t\t\t\t\t\t<\/div>\n\t\t<\/div>\n\t\t\t\t<\/div>\n\t\t\t\t<\/div>\n\t\t\t\t\t<\/div>\n\t\t<\/div>\n\t\t\t\t\t<\/div>\n\t\t<\/section>\n\t\t\t\t<section class=\"elementor-section elementor-top-section elementor-element elementor-element-a17f0e4 elementor-section-boxed elementor-section-height-default elementor-section-height-default\" data-id=\"a17f0e4\" data-element_type=\"section\">\n\t\t\t\t\t\t<div class=\"elementor-container elementor-column-gap-default\">\n\t\t\t\t\t<div class=\"elementor-column elementor-col-100 elementor-top-column elementor-element elementor-element-ef30905\" data-id=\"ef30905\" data-element_type=\"column\">\n\t\t\t<div class=\"elementor-widget-wrap elementor-element-populated\">\n\t\t\t\t\t\t<div class=\"elementor-element elementor-element-beb29be elementor-widget elementor-widget-heading\" data-id=\"beb29be\" data-element_type=\"widget\" data-widget_type=\"heading.default\">\n\t\t\t\t<div class=\"elementor-widget-container\">\n\t\t\t<h6 class=\"elementor-heading-title elementor-size-small\"><b>Universidad Nacional Daniel Alom\u00eda Robles<\/b> - Facultad de M\u00fasica<\/h6>\t\t<\/div>\n\t\t\t\t<\/div>\n\t\t\t\t\t<\/div>\n\t\t<\/div>\n\t\t\t\t\t<\/div>\n\t\t<\/section>\n\t\t\t\t<section class=\"elementor-section elementor-top-section elementor-element elementor-element-09cc1fe elementor-section-boxed elementor-section-height-default elementor-section-height-default\" data-id=\"09cc1fe\" data-element_type=\"section\">\n\t\t\t\t\t\t<div class=\"elementor-container elementor-column-gap-default\">\n\t\t\t\t\t<div class=\"elementor-column elementor-col-100 elementor-top-column elementor-element elementor-element-0f43a98\" data-id=\"0f43a98\" data-element_type=\"column\">\n\t\t\t<div class=\"elementor-widget-wrap elementor-element-populated\">\n\t\t\t\t\t\t<div class=\"elementor-element elementor-element-bb1b13f elementor-widget elementor-widget-heading\" data-id=\"bb1b13f\" data-element_type=\"widget\" data-widget_type=\"heading.default\">\n\t\t\t\t<div class=\"elementor-widget-container\">\n\t\t\t<h4 class=\"elementor-heading-title elementor-size-default\">FACULTAD DE M\u00daSICA<\/h4>\t\t<\/div>\n\t\t\t\t<\/div>\n\t\t\t\t<div class=\"elementor-element elementor-element-1ff8407 elementor-widget elementor-widget-text-editor\" data-id=\"1ff8407\" data-element_type=\"widget\" data-widget_type=\"text-editor.default\">\n\t\t\t\t<div class=\"elementor-widget-container\">\n\t\t\t\t\t\t\t<p><span style=\"color: #343434;\">En nuestra universidad, la Facultad de M\u00fasica se destaca por ser un espacio dedicado al estudio profundo y comprometido de la m\u00fasica, integrando tanto la tradici\u00f3n como la innovaci\u00f3n, y proporcionando a los estudiantes la oportunidad de explorar la riqueza de la m\u00fasica en sus diversas formas y contextos, ofreci\u00e9ndoles un entorno que fomente la creatividad y la expresi\u00f3n art\u00edstica. Nuestro cuerpo docente, compuesto por excelentes m\u00fasicos y acad\u00e9micos respetados, acompa\u00f1ar\u00e1n al estudiante durante su formaci\u00f3n art\u00edstica no solamente impartiendo conocimientos, sino tambi\u00e9n buscando inspirar a los estudiantes, y trabajando en colaboraci\u00f3n para cultivar la creatividad, nutrir el talento y desafiar los l\u00edmites convencionales.<\/span><\/p><p><strong>Dr. F\u00e9lix Arturo Caldas y Caballero<\/strong><br \/>Coordinador(e)<br \/><span style=\"color: #b3224e;\"><i>fcaldas@undar.edu.pe<\/i><\/span><\/p>\t\t\t\t\t\t<\/div>\n\t\t\t\t<\/div>\n\t\t\t\t<div class=\"elementor-element elementor-element-1ac324b elementor-widget elementor-widget-heading\" data-id=\"1ac324b\" data-element_type=\"widget\" data-widget_type=\"heading.default\">\n\t\t\t\t<div class=\"elementor-widget-container\">\n\t\t\t<h5 class=\"elementor-heading-title elementor-size-default\">ESCUELA PROFESIONAL DE M\u00daSICA<\/h5>\t\t<\/div>\n\t\t\t\t<\/div>\n\t\t\t\t<div class=\"elementor-element elementor-element-9e3d37e elementor-widget elementor-widget-text-editor\" data-id=\"9e3d37e\" data-element_type=\"widget\" data-widget_type=\"text-editor.default\">\n\t\t\t\t<div class=\"elementor-widget-container\">\n\t\t\t\t\t\t\t<p>La Escuela Profesional de M\u00fasica ofrece el Programa Acad\u00e9mico de M\u00fasica, donde los estudiantes tienen la oportunidad de desarrollar sus potencialidades a trav\u00e9s del estudio de instrumentos musicales de manera individual y grupal, as\u00ed como a trav\u00e9s del estudio de la direcci\u00f3n musical, arreglos musicales, organizaci\u00f3n y gesti\u00f3n de diferentes agrupaciones art\u00edstico-musicales y la investigaci\u00f3n. Cada aula es una oportunidad para el aprendizaje significativo, y cada estudiante contribuye de manera esencial a la experiencia colectiva.<\/p><p><strong>Dr. Esio Oca\u00f1a Igarza<\/strong><br \/>Responsable(e)<br \/><span style=\"color: #b3224e;\"><i>eocana@undar.edu.pe<\/i><\/span><\/p>\t\t\t\t\t\t<\/div>\n\t\t\t\t<\/div>\n\t\t\t\t\t<\/div>\n\t\t<\/div>\n\t\t\t\t\t<\/div>\n\t\t<\/section>\n\t\t\t\t<section class=\"elementor-section elementor-top-section elementor-element elementor-element-c69e570 elementor-section-boxed elementor-section-height-default elementor-section-height-default\" data-id=\"c69e570\" data-element_type=\"section\" data-settings=\"{&quot;background_background&quot;:&quot;gradient&quot;}\">\n\t\t\t\t\t\t<div class=\"elementor-container elementor-column-gap-default\">\n\t\t\t\t\t<div class=\"elementor-column elementor-col-50 elementor-top-column elementor-element elementor-element-d7593f8\" data-id=\"d7593f8\" data-element_type=\"column\">\n\t\t\t<div class=\"elementor-widget-wrap elementor-element-populated\">\n\t\t\t\t\t\t<div class=\"elementor-element elementor-element-ad45717 elementor-widget elementor-widget-heading\" data-id=\"ad45717\" data-element_type=\"widget\" data-widget_type=\"heading.default\">\n\t\t\t\t<div class=\"elementor-widget-container\">\n\t\t\t<h2 class=\"elementor-heading-title elementor-size-small\"><b>Duraci\u00f3n de estudios:<\/b> 10 ciclos acad\u00e9micos<\/h2>\t\t<\/div>\n\t\t\t\t<\/div>\n\t\t\t\t<div class=\"elementor-element elementor-element-e2a4073 elementor-widget-divider--view-line elementor-widget elementor-widget-divider\" data-id=\"e2a4073\" data-element_type=\"widget\" data-widget_type=\"divider.default\">\n\t\t\t\t<div class=\"elementor-widget-container\">\n\t\t\t\t\t<div class=\"elementor-divider\">\n\t\t\t<span class=\"elementor-divider-separator\">\n\t\t\t\t\t\t<\/span>\n\t\t<\/div>\n\t\t\t\t<\/div>\n\t\t\t\t<\/div>\n\t\t\t\t<div class=\"elementor-element elementor-element-17b914b elementor-widget elementor-widget-heading\" data-id=\"17b914b\" data-element_type=\"widget\" data-widget_type=\"heading.default\">\n\t\t\t\t<div class=\"elementor-widget-container\">\n\t\t\t<h2 class=\"elementor-heading-title elementor-size-small\"><b>Grado acad\u00e9mico:<\/b> Bachiller en M\u00fasica<\/h2>\t\t<\/div>\n\t\t\t\t<\/div>\n\t\t\t\t<div class=\"elementor-element elementor-element-808078e elementor-widget-divider--view-line elementor-widget elementor-widget-divider\" data-id=\"808078e\" data-element_type=\"widget\" data-widget_type=\"divider.default\">\n\t\t\t\t<div class=\"elementor-widget-container\">\n\t\t\t\t\t<div class=\"elementor-divider\">\n\t\t\t<span class=\"elementor-divider-separator\">\n\t\t\t\t\t\t<\/span>\n\t\t<\/div>\n\t\t\t\t<\/div>\n\t\t\t\t<\/div>\n\t\t\t\t<div class=\"elementor-element elementor-element-658c05e elementor-widget elementor-widget-heading\" data-id=\"658c05e\" data-element_type=\"widget\" data-widget_type=\"heading.default\">\n\t\t\t\t<div class=\"elementor-widget-container\">\n\t\t\t<h2 class=\"elementor-heading-title elementor-size-small\"><b>T\u00edtulo profesional:<\/b> Licenciado en M\u00fasica<\/h2>\t\t<\/div>\n\t\t\t\t<\/div>\n\t\t\t\t\t<\/div>\n\t\t<\/div>\n\t\t\t\t<div class=\"elementor-column elementor-col-50 elementor-top-column elementor-element elementor-element-a4acd88\" data-id=\"a4acd88\" data-element_type=\"column\">\n\t\t\t<div class=\"elementor-widget-wrap elementor-element-populated\">\n\t\t\t\t\t\t<div class=\"elementor-element elementor-element-c56ee40 elementor-align-center elementor-widget elementor-widget-button\" data-id=\"c56ee40\" data-element_type=\"widget\" data-widget_type=\"button.default\">\n\t\t\t\t<div class=\"elementor-widget-container\">\n\t\t\t\t\t\t\t<div class=\"elementor-button-wrapper\">\n\t\t\t\t\t<a class=\"elementor-button elementor-button-link elementor-size-md\" href=\"http:\/\/www.undar.edu.pe\/wp-content\/uploads\/2024\/05\/Plan-de-Estudios-de-la-Escuela-Profesional-de-Musica.pdf\" target=\"_blank\">\n\t\t\t\t\t\t<span class=\"elementor-button-content-wrapper\">\n\t\t\t\t\t\t<span class=\"elementor-button-icon\">\n\t\t\t\t<i aria-hidden=\"true\" class=\"fas fa-address-book\"><\/i>\t\t\t<\/span>\n\t\t\t\t\t\t\t\t\t<span class=\"elementor-button-text\">PLAN DE ESTUDIOS<\/span>\n\t\t\t\t\t<\/span>\n\t\t\t\t\t<\/a>\n\t\t\t\t<\/div>\n\t\t\t\t\t\t<\/div>\n\t\t\t\t<\/div>\n\t\t\t\t\t<\/div>\n\t\t<\/div>\n\t\t\t\t\t<\/div>\n\t\t<\/section>\n\t\t\t\t<section class=\"elementor-section elementor-top-section elementor-element elementor-element-14829022 elementor-section-boxed elementor-section-height-default elementor-section-height-default\" data-id=\"14829022\" data-element_type=\"section\" data-settings=\"{&quot;background_background&quot;:&quot;classic&quot;}\">\n\t\t\t\t\t\t<div class=\"elementor-container elementor-column-gap-default\">\n\t\t\t\t\t<div class=\"elementor-column elementor-col-100 elementor-top-column elementor-element elementor-element-300f45f9\" data-id=\"300f45f9\" data-element_type=\"column\">\n\t\t\t<div class=\"elementor-widget-wrap elementor-element-populated\">\n\t\t\t\t\t\t<div class=\"elementor-element elementor-element-7c68663 elementor-view-default elementor-widget elementor-widget-icon\" data-id=\"7c68663\" data-element_type=\"widget\" data-widget_type=\"icon.default\">\n\t\t\t\t<div class=\"elementor-widget-container\">\n\t\t\t\t\t<div class=\"elementor-icon-wrapper\">\n\t\t\t<div class=\"elementor-icon\">\n\t\t\t<i aria-hidden=\"true\" class=\"fas fa-user\"><\/i>\t\t\t<\/div>\n\t\t<\/div>\n\t\t\t\t<\/div>\n\t\t\t\t<\/div>\n\t\t\t\t<div class=\"elementor-element elementor-element-34d4ee69 elementor-widget elementor-widget-heading\" data-id=\"34d4ee69\" data-element_type=\"widget\" data-widget_type=\"heading.default\">\n\t\t\t\t<div class=\"elementor-widget-container\">\n\t\t\t<h2 class=\"elementor-heading-title elementor-size-default\">Perfil del estudiante\n<\/h2>\t\t<\/div>\n\t\t\t\t<\/div>\n\t\t\t\t<section class=\"elementor-section elementor-inner-section elementor-element elementor-element-c9d1fcf elementor-section-boxed elementor-section-height-default elementor-section-height-default\" data-id=\"c9d1fcf\" data-element_type=\"section\">\n\t\t\t\t\t\t<div class=\"elementor-container elementor-column-gap-default\">\n\t\t\t\t\t<div class=\"elementor-column elementor-col-50 elementor-inner-column elementor-element elementor-element-de07c42\" data-id=\"de07c42\" data-element_type=\"column\">\n\t\t\t<div class=\"elementor-widget-wrap elementor-element-populated\">\n\t\t\t\t\t\t<div class=\"elementor-element elementor-element-664d2db elementor-widget elementor-widget-text-editor\" data-id=\"664d2db\" data-element_type=\"widget\" data-widget_type=\"text-editor.default\">\n\t\t\t\t<div class=\"elementor-widget-container\">\n\t\t\t\t\t\t\t<p>En torno al estudiante, la UNDAR toma en cuenta la concepci\u00f3n planteada por Bruner (2008), el estudiante es el protagonista del proceso educativo, el constructor de su propio aprendizaje. Tiene esquemas mentales que cuando interaccionan con la realidad va a\u00f1adiendo informaci\u00f3n nueva en las categor\u00edas ya aprendidas.<\/p><p>En ese sentido, este plan de estudios considera las siguientes competencias:<\/p><ol><li>Act\u00faa \u00e9tica y responsablemente, teniendo en cuenta las directivas para las actividades acad\u00e9micas, art\u00edsticas, formativas, sociales, de investigaci\u00f3n y emprendimiento.<\/li><li>Comunica en diversos formatos mensajes y opini\u00f3n sobre temas de inter\u00e9s vinculados a diversas tem\u00e1ticas (art\u00edsticos, culturales, sociales, pol\u00edticos, geogr\u00e1ficos, cient\u00edficos, entre otros), tomando en consideraci\u00f3n el prop\u00f3sito, contexto y adecuaci\u00f3n.<\/li><li>Practica una vida activa y saludable desde el an\u00e1lisis estudiantil, contemplando buenas pr\u00e1cticas deportivas, f\u00edsicas, art\u00edsticas, culturales y los diversos contextos (local, regional, nacional e internacional).<\/li><li>Participa democr\u00e1ticamente en sus actividades acad\u00e9micas sobre la base del reconocimiento de sus deberes y derechos, la comprensi\u00f3n de los procesos hist\u00f3ricos y sociales de nuestro pa\u00eds y del mundo.<\/li><li>Realiza representaciones art\u00edsticas, tomando en cuenta formatos, m\u00e9todos y t\u00e9cnicas de la investigaci\u00f3n y propias de la expresi\u00f3n.<\/li><li>Resuelve problemas de la vida cotidiana a partir de conocimientos matem\u00e1ticos, de las ciencias naturales, que contribuyen a su formaci\u00f3n profesional.<\/li><li>Desarrolla procesos metodol\u00f3gicos de la m\u00fasica, considerando prop\u00f3sitos de aprendizaje, fundamentos te\u00f3ricos, su autonom\u00eda y creatividad.<\/li><\/ol>\t\t\t\t\t\t<\/div>\n\t\t\t\t<\/div>\n\t\t\t\t\t<\/div>\n\t\t<\/div>\n\t\t\t\t<div class=\"elementor-column elementor-col-50 elementor-inner-column elementor-element elementor-element-dd77557\" data-id=\"dd77557\" data-element_type=\"column\">\n\t\t\t<div class=\"elementor-widget-wrap elementor-element-populated\">\n\t\t\t\t\t\t<div class=\"elementor-element elementor-element-e194c70 elementor-widget elementor-widget-image\" data-id=\"e194c70\" data-element_type=\"widget\" data-widget_type=\"image.default\">\n\t\t\t\t<div class=\"elementor-widget-container\">\n\t\t\t\t\t\t\t\t\t\t\t\t\t<img fetchpriority=\"high\" decoding=\"async\" width=\"684\" height=\"1024\" src=\"http:\/\/www.undar.edu.pe\/wp-content\/uploads\/2023\/12\/perfil-estudiante-undar-684x1024.jpg\" class=\"attachment-large size-large wp-image-52033\" alt=\"Foto (en plano general) de estudiantes revisando material bibliogr\u00e1fico en los pasillos de la instituci\u00f3n.\" srcset=\"http:\/\/www.undar.edu.pe\/wp-content\/uploads\/2023\/12\/perfil-estudiante-undar-684x1024.jpg 684w, http:\/\/www.undar.edu.pe\/wp-content\/uploads\/2023\/12\/perfil-estudiante-undar-200x300.jpg 200w, http:\/\/www.undar.edu.pe\/wp-content\/uploads\/2023\/12\/perfil-estudiante-undar-768x1151.jpg 768w, http:\/\/www.undar.edu.pe\/wp-content\/uploads\/2023\/12\/perfil-estudiante-undar-1025x1536.jpg 1025w, http:\/\/www.undar.edu.pe\/wp-content\/uploads\/2023\/12\/perfil-estudiante-undar-1367x2048.jpg 1367w, http:\/\/www.undar.edu.pe\/wp-content\/uploads\/2023\/12\/perfil-estudiante-undar-scaled.jpg 1709w\" sizes=\"(max-width: 684px) 100vw, 684px\" \/>\t\t\t\t\t\t\t\t\t\t\t\t\t<\/div>\n\t\t\t\t<\/div>\n\t\t\t\t<div class=\"elementor-element elementor-element-01a2c55 elementor-widget elementor-widget-text-editor\" data-id=\"01a2c55\" data-element_type=\"widget\" data-widget_type=\"text-editor.default\">\n\t\t\t\t<div class=\"elementor-widget-container\">\n\t\t\t\t\t\t\t<p><em>Estudiantes revisando material bibliogr\u00e1fico en los pasillos de la instituci\u00f3n.<\/em><\/p>\t\t\t\t\t\t<\/div>\n\t\t\t\t<\/div>\n\t\t\t\t\t<\/div>\n\t\t<\/div>\n\t\t\t\t\t<\/div>\n\t\t<\/section>\n\t\t\t\t<div class=\"elementor-element elementor-element-5d1219f9 elementor-align-left elementor-widget elementor-widget-button\" data-id=\"5d1219f9\" data-element_type=\"widget\" data-widget_type=\"button.default\">\n\t\t\t\t<div class=\"elementor-widget-container\">\n\t\t\t\t\t\t\t<div class=\"elementor-button-wrapper\">\n\t\t\t\t\t<a class=\"elementor-button elementor-button-link elementor-size-md\" href=\"http:\/\/www.undar.edu.pe\/wp-content\/uploads\/2024\/05\/MALLA-CURRICULAR-DE-LA-EP-DE-MUSICA-2024.pdf\" target=\"_blank\">\n\t\t\t\t\t\t<span class=\"elementor-button-content-wrapper\">\n\t\t\t\t\t\t<span class=\"elementor-button-icon\">\n\t\t\t\t<i aria-hidden=\"true\" class=\"far fa-address-book\"><\/i>\t\t\t<\/span>\n\t\t\t\t\t\t\t\t\t<span class=\"elementor-button-text\">MALLA CURRICULAR<\/span>\n\t\t\t\t\t<\/span>\n\t\t\t\t\t<\/a>\n\t\t\t\t<\/div>\n\t\t\t\t\t\t<\/div>\n\t\t\t\t<\/div>\n\t\t\t\t<div class=\"elementor-element elementor-element-544e5eb elementor-view-default elementor-widget elementor-widget-icon\" data-id=\"544e5eb\" data-element_type=\"widget\" data-widget_type=\"icon.default\">\n\t\t\t\t<div class=\"elementor-widget-container\">\n\t\t\t\t\t<div class=\"elementor-icon-wrapper\">\n\t\t\t<div class=\"elementor-icon\">\n\t\t\t<i aria-hidden=\"true\" class=\"fas fa-user-graduate\"><\/i>\t\t\t<\/div>\n\t\t<\/div>\n\t\t\t\t<\/div>\n\t\t\t\t<\/div>\n\t\t\t\t<div class=\"elementor-element elementor-element-da54d98 elementor-widget elementor-widget-heading\" data-id=\"da54d98\" data-element_type=\"widget\" data-widget_type=\"heading.default\">\n\t\t\t\t<div class=\"elementor-widget-container\">\n\t\t\t<h2 class=\"elementor-heading-title elementor-size-default\">Perfil del egresado\n<\/h2>\t\t<\/div>\n\t\t\t\t<\/div>\n\t\t\t\t<section class=\"elementor-section elementor-inner-section elementor-element elementor-element-e71c927 elementor-section-boxed elementor-section-height-default elementor-section-height-default\" data-id=\"e71c927\" data-element_type=\"section\">\n\t\t\t\t\t\t<div class=\"elementor-container elementor-column-gap-default\">\n\t\t\t\t\t<div class=\"elementor-column elementor-col-50 elementor-inner-column elementor-element elementor-element-f0349a6\" data-id=\"f0349a6\" data-element_type=\"column\">\n\t\t\t<div class=\"elementor-widget-wrap elementor-element-populated\">\n\t\t\t\t\t\t<div class=\"elementor-element elementor-element-5e50e7e8 elementor-widget elementor-widget-text-editor\" data-id=\"5e50e7e8\" data-element_type=\"widget\" data-widget_type=\"text-editor.default\">\n\t\t\t\t<div class=\"elementor-widget-container\">\n\t\t\t\t\t\t\t<p>El egresado de la Escuela Profesional de M\u00fasica es un profesional con una s\u00f3lida formaci\u00f3n integral, competente en la interpretaci\u00f3n y creaci\u00f3n musical. Capaz de recrear las obras con exigencias t\u00e9cnico musicales; adaptar y arreglar el repertorio con los recursos t\u00e9cnicos y sentido est\u00e9tico; as\u00ed como, orientar y guiar el desempe\u00f1o art\u00edstico. De igual manera, est\u00e1 capacitado en el uso de las nuevas tecnolog\u00edas musicales, la aplicaci\u00f3n de procedimientos de la investigaci\u00f3n y en la gesti\u00f3n de proyectos que promuevan la preservaci\u00f3n y difusi\u00f3n del patrimonio. Todo ello, con respeto a la diversidad y b\u00fasqueda de impactos positivos en la sociedad.<\/p>\t\t\t\t\t\t<\/div>\n\t\t\t\t<\/div>\n\t\t\t\t\t<\/div>\n\t\t<\/div>\n\t\t\t\t<div class=\"elementor-column elementor-col-50 elementor-inner-column elementor-element elementor-element-3b94d6f\" data-id=\"3b94d6f\" data-element_type=\"column\">\n\t\t\t<div class=\"elementor-widget-wrap elementor-element-populated\">\n\t\t\t\t\t\t<div class=\"elementor-element elementor-element-5109cd0 elementor-widget elementor-widget-image\" data-id=\"5109cd0\" data-element_type=\"widget\" data-widget_type=\"image.default\">\n\t\t\t\t<div class=\"elementor-widget-container\">\n\t\t\t\t\t\t\t\t\t\t\t\t\t<img decoding=\"async\" width=\"800\" height=\"534\" src=\"http:\/\/www.undar.edu.pe\/wp-content\/uploads\/2023\/12\/perfil-egresado-undar_2-1024x684.jpg\" class=\"attachment-large size-large wp-image-52037\" alt=\"Foto de estudiante ejecutando pieza musical con viol\u00edn.\" srcset=\"http:\/\/www.undar.edu.pe\/wp-content\/uploads\/2023\/12\/perfil-egresado-undar_2-1024x684.jpg 1024w, http:\/\/www.undar.edu.pe\/wp-content\/uploads\/2023\/12\/perfil-egresado-undar_2-300x200.jpg 300w, http:\/\/www.undar.edu.pe\/wp-content\/uploads\/2023\/12\/perfil-egresado-undar_2-768x513.jpg 768w, http:\/\/www.undar.edu.pe\/wp-content\/uploads\/2023\/12\/perfil-egresado-undar_2-1536x1025.jpg 1536w, http:\/\/www.undar.edu.pe\/wp-content\/uploads\/2023\/12\/perfil-egresado-undar_2-2048x1367.jpg 2048w\" sizes=\"(max-width: 800px) 100vw, 800px\" \/>\t\t\t\t\t\t\t\t\t\t\t\t\t<\/div>\n\t\t\t\t<\/div>\n\t\t\t\t<div class=\"elementor-element elementor-element-85b8bd2 elementor-widget elementor-widget-text-editor\" data-id=\"85b8bd2\" data-element_type=\"widget\" data-widget_type=\"text-editor.default\">\n\t\t\t\t<div class=\"elementor-widget-container\">\n\t\t\t\t\t\t\t<p><em>Estudiante ejecutando pieza musical con viol\u00edn.<\/em><\/p>\t\t\t\t\t\t<\/div>\n\t\t\t\t<\/div>\n\t\t\t\t\t<\/div>\n\t\t<\/div>\n\t\t\t\t\t<\/div>\n\t\t<\/section>\n\t\t\t\t<div class=\"elementor-element elementor-element-952e382 elementor-view-default elementor-widget elementor-widget-icon\" data-id=\"952e382\" data-element_type=\"widget\" data-widget_type=\"icon.default\">\n\t\t\t\t<div class=\"elementor-widget-container\">\n\t\t\t\t\t<div class=\"elementor-icon-wrapper\">\n\t\t\t<div class=\"elementor-icon\">\n\t\t\t<i aria-hidden=\"true\" class=\"fas fa-music\"><\/i>\t\t\t<\/div>\n\t\t<\/div>\n\t\t\t\t<\/div>\n\t\t\t\t<\/div>\n\t\t\t\t<div class=\"elementor-element elementor-element-4a51b959 elementor-widget elementor-widget-heading\" data-id=\"4a51b959\" data-element_type=\"widget\" data-widget_type=\"heading.default\">\n\t\t\t\t<div class=\"elementor-widget-container\">\n\t\t\t<h2 class=\"elementor-heading-title elementor-size-default\">Mercado ocupacional<\/h2>\t\t<\/div>\n\t\t\t\t<\/div>\n\t\t\t\t<section class=\"elementor-section elementor-inner-section elementor-element elementor-element-637bb13 elementor-section-boxed elementor-section-height-default elementor-section-height-default\" data-id=\"637bb13\" data-element_type=\"section\">\n\t\t\t\t\t\t<div class=\"elementor-container elementor-column-gap-default\">\n\t\t\t\t\t<div class=\"elementor-column elementor-col-50 elementor-inner-column elementor-element elementor-element-6ec4bd7\" data-id=\"6ec4bd7\" data-element_type=\"column\">\n\t\t\t<div class=\"elementor-widget-wrap elementor-element-populated\">\n\t\t\t\t\t\t<div class=\"elementor-element elementor-element-540fca36 elementor-widget elementor-widget-text-editor\" data-id=\"540fca36\" data-element_type=\"widget\" data-widget_type=\"text-editor.default\">\n\t\t\t\t<div class=\"elementor-widget-container\">\n\t\t\t\t\t\t\t<ul><li>Ejecuci\u00f3n musical como solista en grupos musicales u orquestas de diferentes formatos<\/li><li>Ejecuci\u00f3n musical como integrante de grupos musicales u orquestas de diferentes formatos<\/li><li>Gestor y promotor de actividades art\u00edstico-culturales<\/li><li>Organizador y director de agrupaciones musicales<\/li><li>Arreglista musical para solistas, grupos y orquestas<\/li><li>Ense\u00f1anza musical<\/li><li>Investigador musical<\/li><li>Elaboraci\u00f3n de proyectos musicales<\/li><li>Publicaci\u00f3n de espect\u00e1culos musicales en diversas plataformas virtuales<\/li><\/ul>\t\t\t\t\t\t<\/div>\n\t\t\t\t<\/div>\n\t\t\t\t\t<\/div>\n\t\t<\/div>\n\t\t\t\t<div class=\"elementor-column elementor-col-50 elementor-inner-column elementor-element elementor-element-a98c6b3\" data-id=\"a98c6b3\" data-element_type=\"column\">\n\t\t\t<div class=\"elementor-widget-wrap elementor-element-populated\">\n\t\t\t\t\t\t<div class=\"elementor-element elementor-element-f570720 elementor-widget elementor-widget-image\" data-id=\"f570720\" data-element_type=\"widget\" data-widget_type=\"image.default\">\n\t\t\t\t<div class=\"elementor-widget-container\">\n\t\t\t\t\t\t\t\t\t\t\t\t\t<img decoding=\"async\" width=\"800\" height=\"485\" src=\"http:\/\/www.undar.edu.pe\/wp-content\/uploads\/2023\/12\/mercado-ocupacional-fm-undar-1-1024x621.jpg\" class=\"attachment-large size-large wp-image-52098\" alt=\"Foto de violinista en concierto sinf\u00f3nico\" srcset=\"http:\/\/www.undar.edu.pe\/wp-content\/uploads\/2023\/12\/mercado-ocupacional-fm-undar-1-1024x621.jpg 1024w, http:\/\/www.undar.edu.pe\/wp-content\/uploads\/2023\/12\/mercado-ocupacional-fm-undar-1-300x182.jpg 300w, http:\/\/www.undar.edu.pe\/wp-content\/uploads\/2023\/12\/mercado-ocupacional-fm-undar-1-768x466.jpg 768w, http:\/\/www.undar.edu.pe\/wp-content\/uploads\/2023\/12\/mercado-ocupacional-fm-undar-1-1536x931.jpg 1536w, http:\/\/www.undar.edu.pe\/wp-content\/uploads\/2023\/12\/mercado-ocupacional-fm-undar-1-2048x1242.jpg 2048w\" sizes=\"(max-width: 800px) 100vw, 800px\" \/>\t\t\t\t\t\t\t\t\t\t\t\t\t<\/div>\n\t\t\t\t<\/div>\n\t\t\t\t<div class=\"elementor-element elementor-element-ee37f59 elementor-widget elementor-widget-text-editor\" data-id=\"ee37f59\" data-element_type=\"widget\" data-widget_type=\"text-editor.default\">\n\t\t\t\t<div class=\"elementor-widget-container\">\n\t\t\t\t\t\t\t<p><em>Violinista en concierto sinf\u00f3nico<\/em><\/p>\t\t\t\t\t\t<\/div>\n\t\t\t\t<\/div>\n\t\t\t\t\t<\/div>\n\t\t<\/div>\n\t\t\t\t\t<\/div>\n\t\t<\/section>\n\t\t\t\t\t<\/div>\n\t\t<\/div>\n\t\t\t\t\t<\/div>\n\t\t<\/section>\n\t\t\t\t<section class=\"elementor-section elementor-top-section elementor-element elementor-element-6a4acd6 elementor-section-boxed elementor-section-height-default elementor-section-height-default\" data-id=\"6a4acd6\" data-element_type=\"section\" data-settings=\"{&quot;background_background&quot;:&quot;classic&quot;}\">\n\t\t\t\t\t\t\t<div class=\"elementor-background-overlay\"><\/div>\n\t\t\t\t\t\t\t<div class=\"elementor-container elementor-column-gap-default\">\n\t\t\t\t\t<div class=\"elementor-column elementor-col-100 elementor-top-column elementor-element elementor-element-3846855\" data-id=\"3846855\" data-element_type=\"column\">\n\t\t\t<div class=\"elementor-widget-wrap elementor-element-populated\">\n\t\t\t\t\t\t<section class=\"elementor-section elementor-inner-section elementor-element elementor-element-e118517 elementor-section-boxed elementor-section-height-default elementor-section-height-default\" data-id=\"e118517\" data-element_type=\"section\" data-settings=\"{&quot;background_background&quot;:&quot;classic&quot;}\">\n\t\t\t\t\t\t<div class=\"elementor-container elementor-column-gap-default\">\n\t\t\t\t\t<div class=\"elementor-column elementor-col-100 elementor-inner-column elementor-element elementor-element-b54bd88\" data-id=\"b54bd88\" data-element_type=\"column\">\n\t\t\t<div class=\"elementor-widget-wrap elementor-element-populated\">\n\t\t\t\t\t\t<div class=\"elementor-element elementor-element-f705e78 elementor-align-left elementor-widget elementor-widget-button\" data-id=\"f705e78\" data-element_type=\"widget\" data-widget_type=\"button.default\">\n\t\t\t\t<div class=\"elementor-widget-container\">\n\t\t\t\t\t\t\t<div class=\"elementor-button-wrapper\">\n\t\t\t\t\t<a class=\"elementor-button elementor-button-link elementor-size-lg\" href=\"https:\/\/www.undar.edu.pe\/index.php\/facultad-de-educacion-musical-y-artes\/\">\n\t\t\t\t\t\t<span class=\"elementor-button-content-wrapper\">\n\t\t\t\t\t\t<span class=\"elementor-button-icon\">\n\t\t\t\t<i aria-hidden=\"true\" class=\"fas fa-angle-double-right\"><\/i>\t\t\t<\/span>\n\t\t\t\t\t\t\t\t\t<span class=\"elementor-button-text\">Ir a la Facultad de Educaci\u00f3n Musical y Artes<\/span>\n\t\t\t\t\t<\/span>\n\t\t\t\t\t<\/a>\n\t\t\t\t<\/div>\n\t\t\t\t\t\t<\/div>\n\t\t\t\t<\/div>\n\t\t\t\t\t<\/div>\n\t\t<\/div>\n\t\t\t\t\t<\/div>\n\t\t<\/section>\n\t\t\t\t<div class=\"elementor-element elementor-element-b04256d elementor-widget elementor-widget-text-editor\" data-id=\"b04256d\" data-element_type=\"widget\" data-widget_type=\"text-editor.default\">\n\t\t\t\t<div class=\"elementor-widget-container\">\n\t\t\t\t\t\t\t<p><span style=\"color: #343434;\"><button id=\"listenButton1\" class=\"responsivevoice-button\" type=\"button\" value=\"Play\" title=\"ResponsiveVoice Tap to Start\/Stop Speech\"><span>&#128266; Listen to this<\/span><\/button>\n        <script>\n            listenButton1.onclick = function(){\n                if(responsiveVoice.isPlaying()){\n                    responsiveVoice.cancel();\n                }else{\n                    responsiveVoice.speak(\"FACULTAD DE M\u00daSICAFACULTAD DE M\u00daSICAFACULTAD DE M\u00daSICAFACULTAD DE M\u00daSICA Diapositiva anterior Diapositiva siguiente Universidad Nacional Daniel Alom\u00eda Robles - Facultad de M\u00fasica FACULTAD DE M\u00daSICA En nuestra universidad, la Facultad de M\u00fasica se destaca por ser un espacio dedicado al estudio profundo y comprometido de la m\u00fasica, integrando tanto la tradici\u00f3n como la innovaci\u00f3n, y proporcionando a los estudiantes la oportunidad de explorar la riqueza de la m\u00fasica en sus diversas formas y contextos, ofreci\u00e9ndoles un entorno que fomente la creatividad y la expresi\u00f3n art\u00edstica. Nuestro cuerpo docente, compuesto por excelentes m\u00fasicos y acad\u00e9micos respetados, acompa\u00f1ar\u00e1n al estudiante durante su formaci\u00f3n art\u00edstica no solamente impartiendo conocimientos, sino tambi\u00e9n buscando inspirar a los estudiantes, y trabajando en colaboraci\u00f3n para cultivar la creatividad, nutrir el talento y desafiar los l\u00edmites convencionales.Dr. F\u00e9lix Arturo Caldas y CaballeroCoordinador(e)fcaldas@undar.edu.pe ESCUELA PROFESIONAL DE M\u00daSICA La Escuela Profesional de M\u00fasica ofrece el Programa Acad\u00e9mico de M\u00fasica, donde los estudiantes tienen la oportunidad de desarrollar sus potencialidades a trav\u00e9s del estudio de instrumentos musicales de manera individual y grupal, as\u00ed como a trav\u00e9s del estudio de la direcci\u00f3n musical, arreglos musicales, organizaci\u00f3n y gesti\u00f3n de diferentes agrupaciones art\u00edstico-musicales y la investigaci\u00f3n. Cada aula es una oportunidad para el aprendizaje significativo, y cada estudiante contribuye de manera esencial a la experiencia colectiva.Dr. Esio Oca\u00f1a IgarzaResponsable(e)eocana@undar.edu.pe Duraci\u00f3n de estudios: 10 ciclos acad\u00e9micos Grado acad\u00e9mico: Bachiller en M\u00fasica T\u00edtulo profesional: Licenciado en M\u00fasica PLAN DE ESTUDIOS Perfil del estudiante En torno al estudiante, la UNDAR toma en cuenta la concepci\u00f3n planteada por Bruner (2008), el estudiante es el protagonista del proceso educativo, el constructor de su propio aprendizaje. Tiene esquemas mentales que cuando interaccionan con la realidad va a\u00f1adiendo informaci\u00f3n nueva en las categor\u00edas ya aprendidas.En ese sentido, este plan de estudios considera las siguientes competencias:Act\u00faa \u00e9tica y responsablemente, teniendo en cuenta las directivas para las actividades acad\u00e9micas, art\u00edsticas, formativas, sociales, de investigaci\u00f3n y emprendimiento.Comunica en diversos formatos mensajes y opini\u00f3n sobre temas de inter\u00e9s vinculados a diversas tem\u00e1ticas (art\u00edsticos, culturales, sociales, pol\u00edticos, geogr\u00e1ficos, cient\u00edficos, entre otros), tomando en consideraci\u00f3n el prop\u00f3sito, contexto y adecuaci\u00f3n.Practica una vida activa y saludable desde el an\u00e1lisis estudiantil, contemplando buenas pr\u00e1cticas deportivas, f\u00edsicas, art\u00edsticas, culturales y los diversos contextos (local, regional, nacional e internacional).Participa democr\u00e1ticamente en sus actividades acad\u00e9micas sobre la base del reconocimiento de sus deberes y derechos, la comprensi\u00f3n de los procesos hist\u00f3ricos y sociales de nuestro pa\u00eds y del mundo.Realiza representaciones art\u00edsticas, tomando en cuenta formatos, m\u00e9todos y t\u00e9cnicas de la investigaci\u00f3n y propias de la expresi\u00f3n.Resuelve problemas de la vida cotidiana a partir de conocimientos matem\u00e1ticos, de las ciencias naturales, que contribuyen a su formaci\u00f3n profesional.Desarrolla procesos metodol\u00f3gicos de la m\u00fasica, considerando prop\u00f3sitos de aprendizaje, fundamentos te\u00f3ricos, su autonom\u00eda y creatividad. Estudiantes revisando material bibliogr\u00e1fico en los pasillos de la instituci\u00f3n. MALLA CURRICULAR Perfil del egresado El egresado de la Escuela Profesional de M\u00fasica es un profesional con una s\u00f3lida formaci\u00f3n integral, competente en la interpretaci\u00f3n y creaci\u00f3n musical. Capaz de recrear las obras con exigencias t\u00e9cnico musicales; adaptar y arreglar el repertorio con los recursos t\u00e9cnicos y sentido est\u00e9tico; as\u00ed como, orientar y guiar el desempe\u00f1o art\u00edstico. De igual manera, est\u00e1 capacitado en el uso de las nuevas tecnolog\u00edas musicales, la aplicaci\u00f3n de procedimientos de la investigaci\u00f3n y en la gesti\u00f3n de proyectos que promuevan la preservaci\u00f3n y difusi\u00f3n del patrimonio. Todo ello, con respeto a la diversidad y b\u00fasqueda de impactos positivos en la sociedad. Estudiante ejecutando pieza musical con viol\u00edn. Mercado ocupacional Ejecuci\u00f3n musical como solista en grupos musicales u orquestas de diferentes formatosEjecuci\u00f3n musical como integrante de grupos musicales u orquestas de diferentes formatosGestor y promotor de actividades art\u00edstico-culturalesOrganizador y director de agrupaciones musicalesArreglista musical para solistas, grupos y orquestasEnse\u00f1anza musicalInvestigador musicalElaboraci\u00f3n de proyectos musicalesPublicaci\u00f3n de espect\u00e1culos musicales en diversas plataformas virtuales Violinista en concierto sinf\u00f3nico Ir a la Facultad de Educaci\u00f3n Musical y Artes \u00a0\", \"UK English Female\");\n                }\n            };\n        <\/script>\n    \u00a0<\/span><\/p>\t\t\t\t\t\t<\/div>\n\t\t\t\t<\/div>\n\t\t\t\t\t<\/div>\n\t\t<\/div>\n\t\t\t\t\t<\/div>\n\t\t<\/section>\n\t\t\t\t<\/div>\n\t\t","protected":false},"excerpt":{"rendered":"<p>FACULTAD DE M\u00daSICAFACULTAD DE M\u00daSICAFACULTAD DE M\u00daSICAFACULTAD DE M\u00daSICA Diapositiva anterior Diapositiva siguiente Universidad Nacional Daniel Alom\u00eda Robles &#8211; Facultad de M\u00fasica FACULTAD DE M\u00daSICA En nuestra universidad, la Facultad de M\u00fasica se destaca por ser un espacio dedicado al estudio profundo y comprometido de la m\u00fasica, integrando tanto la tradici\u00f3n como la innovaci\u00f3n, y [&hellip;]<\/p>\n","protected":false},"author":1,"featured_media":0,"parent":0,"menu_order":0,"comment_status":"closed","ping_status":"closed","template":"","meta":{"_uf_show_specific_survey":0,"_uf_disable_surveys":false,"footnotes":""},"class_list":["post-4793","page","type-page","status-publish","hentry"],"aioseo_notices":[],"_links":{"self":[{"href":"http:\/\/www.undar.edu.pe\/index.php\/wp-json\/wp\/v2\/pages\/4793","targetHints":{"allow":["GET"]}}],"collection":[{"href":"http:\/\/www.undar.edu.pe\/index.php\/wp-json\/wp\/v2\/pages"}],"about":[{"href":"http:\/\/www.undar.edu.pe\/index.php\/wp-json\/wp\/v2\/types\/page"}],"author":[{"embeddable":true,"href":"http:\/\/www.undar.edu.pe\/index.php\/wp-json\/wp\/v2\/users\/1"}],"replies":[{"embeddable":true,"href":"http:\/\/www.undar.edu.pe\/index.php\/wp-json\/wp\/v2\/comments?post=4793"}],"version-history":[{"count":837,"href":"http:\/\/www.undar.edu.pe\/index.php\/wp-json\/wp\/v2\/pages\/4793\/revisions"}],"predecessor-version":[{"id":61182,"href":"http:\/\/www.undar.edu.pe\/index.php\/wp-json\/wp\/v2\/pages\/4793\/revisions\/61182"}],"wp:attachment":[{"href":"http:\/\/www.undar.edu.pe\/index.php\/wp-json\/wp\/v2\/media?parent=4793"}],"curies":[{"name":"wp","href":"https:\/\/api.w.org\/{rel}","templated":true}]}}